{"id":6704,"date":"2022-07-23T12:58:49","date_gmt":"2022-07-23T10:58:49","guid":{"rendered":"https:\/\/bivouhack.fr\/?page_id=6704"},"modified":"2022-07-23T14:04:17","modified_gmt":"2022-07-23T12:04:17","slug":"las-americas","status":"publish","type":"page","link":"https:\/\/bivouhack.fr\/index.php\/las-americas\/","title":{"rendered":"Las Am\u00e9ricas"},"content":{"rendered":"\n<div class=\"wp-block-columns is-layout-flex wp-container-core-columns-is-layout-28f84493 wp-block-columns-is-layout-flex\">\n<div class=\"wp-block-column is-layout-flow wp-block-column-is-layout-flow\">\n<p class=\"has-medium-font-size\">Journal de bord du voyage de Marty. Un an en solitaire \u00e0 travers l\u2019Am\u00e9rique Latine.<\/p>\n\n\n<div class=\"wp-block-post-author\"><div class=\"wp-block-post-author__avatar\"><img decoding=\"async\" width=\"96\" height=\"96\" src=\"https:\/\/bivouhack.fr\/wp-content\/uploads\/2022\/07\/marty-96x96.jpg\" class=\"avatar avatar-96 photo\" alt=\"\" srcset=\"https:\/\/bivouhack.fr\/wp-content\/uploads\/2022\/07\/marty-96x96.jpg 96w, https:\/\/bivouhack.fr\/wp-content\/uploads\/2022\/07\/marty-150x150.jpg 150w, https:\/\/bivouhack.fr\/wp-content\/uploads\/2022\/07\/marty-24x24.jpg 24w, https:\/\/bivouhack.fr\/wp-content\/uploads\/2022\/07\/marty-48x48.jpg 48w, https:\/\/bivouhack.fr\/wp-content\/uploads\/2022\/07\/marty-300x300.jpg 300w\" sizes=\"100vw\" \/><\/div><div class=\"wp-block-post-author__content\"><p class=\"wp-block-post-author__name\">Marty<\/p><p class=\"wp-block-post-author__bio\">Baroudeur capitalo-anarchiste, il parle un espagnol du terroir sud am\u00e9ricain apr\u00e8s un an \u00e0 parcourir le continent.<\/p><\/div><\/div><\/div>\n\n\n\n<div class=\"wp-block-column is-layout-flow wp-block-column-is-layout-flow\"><div class=\"wp-block-calendar\"><table id=\"wp-calendar\" class=\"wp-calendar-table\">\n\t<caption>mai 2026<\/caption>\n\t<thead>\n\t<tr>\n\t\t<th scope=\"col\" aria-label=\"lundi\">L<\/th>\n\t\t<th scope=\"col\" aria-label=\"mardi\">M<\/th>\n\t\t<th scope=\"col\" aria-label=\"mercredi\">M<\/th>\n\t\t<th scope=\"col\" aria-label=\"jeudi\">J<\/th>\n\t\t<th scope=\"col\" aria-label=\"vendredi\">V<\/th>\n\t\t<th scope=\"col\" aria-label=\"samedi\">S<\/th>\n\t\t<th scope=\"col\" aria-label=\"dimanche\">D<\/th>\n\t<\/tr>\n\t<\/thead>\n\t<tbody>\n\t<tr>\n\t\t<td colspan=\"4\" class=\"pad\">&nbsp;<\/td><td>1<\/td><td id=\"today\">2<\/td><td>3<\/td>\n\t<\/tr>\n\t<tr>\n\t\t<td>4<\/td><td>5<\/td><td>6<\/td><td>7<\/td><td>8<\/td><td>9<\/td><td>10<\/td>\n\t<\/tr>\n\t<tr>\n\t\t<td>11<\/td><td>12<\/td><td>13<\/td><td>14<\/td><td>15<\/td><td>16<\/td><td>17<\/td>\n\t<\/tr>\n\t<tr>\n\t\t<td>18<\/td><td>19<\/td><td>20<\/td><td>21<\/td><td>22<\/td><td>23<\/td><td>24<\/td>\n\t<\/tr>\n\t<tr>\n\t\t<td>25<\/td><td>26<\/td><td>27<\/td><td>28<\/td><td>29<\/td><td>30<\/td><td>31<\/td>\n\t<\/tr>\n\t<\/tbody>\n\t<\/table><nav aria-label=\"Mois pr\u00e9c\u00e9dents et suivants\" class=\"wp-calendar-nav\">\n\t\t<span class=\"wp-calendar-nav-prev\"><a href=\"https:\/\/bivouhack.fr\/index.php\/2026\/03\/\">&laquo; Mar<\/a><\/span>\n\t\t<span class=\"pad\">&nbsp;<\/span>\n\t\t<span class=\"wp-calendar-nav-next\">&nbsp;<\/span>\n\t<\/nav><\/div><\/div>\n<\/div>\n\n\n<div id=\"travelersmap-container-69f5407e455a5\" class=\"travelersmap-container\" style=\"z-index: 1; min-height: 10px; min-width:10px; height:600px;width:100%; max-width:; max-height:; position:relative;\"><div style=\"position:absolute; z-index:-1;top: 50%;text-align: center;display: block;left: 50%;transform: translate(-50%,-50%);\">Travelers' Map is loading...<br>If you see this after your page is loaded completely, leafletJS files are missing.<\/div><\/div>\n\n\n\n<h2 class=\"wp-block-heading\">Les derniers articles<\/h2>\n\n\n<ul class=\"wp-block-latest-posts__list has-dates wp-block-latest-posts\"><li><div class=\"wp-block-latest-posts__featured-image aligncenter\"><a href=\"https:\/\/bivouhack.fr\/index.php\/2025\/01\/24\/le-voyage-de-marty-tacacoma-nowhere-jour345\/\" aria-label=\"Le voyage de Marty, Tacacoma-nowhere #jour345\"><img decoding=\"async\" width=\"950\" height=\"711\" src=\"https:\/\/bivouhack.fr\/wp-content\/uploads\/2023\/01\/IMG_20220813_104701-1024x766.jpg\" class=\"attachment-large size-large wp-post-image\" alt=\"\" style=\"max-height:300px;\" srcset=\"https:\/\/bivouhack.fr\/wp-content\/uploads\/2023\/01\/IMG_20220813_104701-1024x766.jpg 1024w, https:\/\/bivouhack.fr\/wp-content\/uploads\/2023\/01\/IMG_20220813_104701-300x225.jpg 300w, https:\/\/bivouhack.fr\/wp-content\/uploads\/2023\/01\/IMG_20220813_104701-768x575.jpg 768w, https:\/\/bivouhack.fr\/wp-content\/uploads\/2023\/01\/IMG_20220813_104701-1536x1150.jpg 1536w, https:\/\/bivouhack.fr\/wp-content\/uploads\/2023\/01\/IMG_20220813_104701.jpg 1920w\" sizes=\"100vw\" \/><\/a><\/div><a class=\"wp-block-latest-posts__post-title\" href=\"https:\/\/bivouhack.fr\/index.php\/2025\/01\/24\/le-voyage-de-marty-tacacoma-nowhere-jour345\/\">Le voyage de Marty, Tacacoma-nowhere #jour345<\/a><time datetime=\"2025-01-24T06:03:06+01:00\" class=\"wp-block-latest-posts__post-date\">24 janvier 2025<\/time><div class=\"wp-block-latest-posts__post-excerpt\">R\u00e9veil et petit dej sur notre montagne. La vue est spectaculaire, comme tous les jours dans ces montagnes. Je prend Guillaume avec moi aujourd&rsquo;hui. On perd moins de temps \u00e0 caler les sacs, j&rsquo;ai appris gr\u00e2ce \u00e0 hier. On d\u00e9marre, on roule, on descend. On prend une route secondaire pour &hellip; <p class=\"link-more\"><a href=\"https:\/\/bivouhack.fr\/index.php\/2025\/01\/24\/le-voyage-de-marty-tacacoma-nowhere-jour345\/\" class=\"more-link\">Lire la suite de<span class=\"screen-reader-text\">\u00ab\u00a0Le voyage de Marty, Tacacoma-nowhere #jour345\u00a0\u00bb<\/span><\/a><\/p><\/div><\/li>\n<li><div class=\"wp-block-latest-posts__featured-image aligncenter\"><a href=\"https:\/\/bivouhack.fr\/index.php\/2025\/01\/23\/le-voyage-de-marty-sorata-tacacoma-jour344\/\" aria-label=\"Le voyage de Marty, Sorata-Tacacoma #jour344\"><img decoding=\"async\" width=\"950\" height=\"595\" src=\"https:\/\/bivouhack.fr\/wp-content\/uploads\/2023\/01\/IMG_20220812_210504-1024x641.jpg\" class=\"attachment-large size-large wp-post-image\" alt=\"\" style=\"max-height:300px;\" srcset=\"https:\/\/bivouhack.fr\/wp-content\/uploads\/2023\/01\/IMG_20220812_210504-1024x641.jpg 1024w, https:\/\/bivouhack.fr\/wp-content\/uploads\/2023\/01\/IMG_20220812_210504-300x188.jpg 300w, https:\/\/bivouhack.fr\/wp-content\/uploads\/2023\/01\/IMG_20220812_210504-768x480.jpg 768w, https:\/\/bivouhack.fr\/wp-content\/uploads\/2023\/01\/IMG_20220812_210504-1536x961.jpg 1536w, https:\/\/bivouhack.fr\/wp-content\/uploads\/2023\/01\/IMG_20220812_210504.jpg 1920w\" sizes=\"100vw\" \/><\/a><\/div><a class=\"wp-block-latest-posts__post-title\" href=\"https:\/\/bivouhack.fr\/index.php\/2025\/01\/23\/le-voyage-de-marty-sorata-tacacoma-jour344\/\">Le voyage de Marty, Sorata-Tacacoma #jour344<\/a><time datetime=\"2025-01-23T06:49:07+01:00\" class=\"wp-block-latest-posts__post-date\">23 janvier 2025<\/time><div class=\"wp-block-latest-posts__post-excerpt\">On se r\u00e9veille, on remballe tout et on va se promener en ville. On prend le petit dej dans un comedor, petit dej de champion : un vrai repas. Le concept de petit d\u00e9jeuner n&rsquo;existe pas ici, c&rsquo;est un repas comme un autre. M\u00eame si le petit d\u00e9jeuner sucr\u00e9 est &hellip; <p class=\"link-more\"><a href=\"https:\/\/bivouhack.fr\/index.php\/2025\/01\/23\/le-voyage-de-marty-sorata-tacacoma-jour344\/\" class=\"more-link\">Lire la suite de<span class=\"screen-reader-text\">\u00ab\u00a0Le voyage de Marty, Sorata-Tacacoma #jour344\u00a0\u00bb<\/span><\/a><\/p><\/div><\/li>\n<li><div class=\"wp-block-latest-posts__featured-image aligncenter\"><a href=\"https:\/\/bivouhack.fr\/index.php\/2025\/01\/23\/le-voyage-de-marty-sorata-jour343\/\" aria-label=\"Le voyage de Marty, Sorata #jour343\"><img decoding=\"async\" width=\"950\" height=\"449\" src=\"https:\/\/bivouhack.fr\/wp-content\/uploads\/2022\/10\/PANO_20220811_112247-1024x484.jpg\" class=\"attachment-large size-large wp-post-image\" alt=\"\" style=\"max-height:300px;\" srcset=\"https:\/\/bivouhack.fr\/wp-content\/uploads\/2022\/10\/PANO_20220811_112247-1024x484.jpg 1024w, https:\/\/bivouhack.fr\/wp-content\/uploads\/2022\/10\/PANO_20220811_112247-300x142.jpg 300w, https:\/\/bivouhack.fr\/wp-content\/uploads\/2022\/10\/PANO_20220811_112247-768x363.jpg 768w, https:\/\/bivouhack.fr\/wp-content\/uploads\/2022\/10\/PANO_20220811_112247-1536x726.jpg 1536w, https:\/\/bivouhack.fr\/wp-content\/uploads\/2022\/10\/PANO_20220811_112247.jpg 1920w\" sizes=\"100vw\" \/><\/a><\/div><a class=\"wp-block-latest-posts__post-title\" href=\"https:\/\/bivouhack.fr\/index.php\/2025\/01\/23\/le-voyage-de-marty-sorata-jour343\/\">Le voyage de Marty, Sorata #jour343<\/a><time datetime=\"2025-01-23T06:40:01+01:00\" class=\"wp-block-latest-posts__post-date\">23 janvier 2025<\/time><div class=\"wp-block-latest-posts__post-excerpt\">R\u00e9veil un peu long, on prend notre temps. Il a fait froid cette nuit, \u00e7a a presque gel\u00e9 dans la tente, il a du faire dans les -2\u00b0C mais ca va, on a des bons sacs, je n&rsquo;ai pas eu froid. L&rsquo;\u00e9charpe en Alpaca m&rsquo;a bien servi aussi il faut &hellip; <p class=\"link-more\"><a href=\"https:\/\/bivouhack.fr\/index.php\/2025\/01\/23\/le-voyage-de-marty-sorata-jour343\/\" class=\"more-link\">Lire la suite de<span class=\"screen-reader-text\">\u00ab\u00a0Le voyage de Marty, Sorata #jour343\u00a0\u00bb<\/span><\/a><\/p><\/div><\/li>\n<li><div class=\"wp-block-latest-posts__featured-image aligncenter\"><a href=\"https:\/\/bivouhack.fr\/index.php\/2025\/01\/23\/le-voyage-de-marty-laguna-chillata-jour342\/\" aria-label=\"Le voyage de Marty, Laguna Chillata #jour342\"><img decoding=\"async\" width=\"950\" height=\"534\" src=\"https:\/\/bivouhack.fr\/wp-content\/uploads\/2022\/10\/IMG_20220810_180824-1024x576.jpg\" class=\"attachment-large size-large wp-post-image\" alt=\"\" style=\"max-height:300px;\" srcset=\"https:\/\/bivouhack.fr\/wp-content\/uploads\/2022\/10\/IMG_20220810_180824-1024x576.jpg 1024w, https:\/\/bivouhack.fr\/wp-content\/uploads\/2022\/10\/IMG_20220810_180824-300x169.jpg 300w, https:\/\/bivouhack.fr\/wp-content\/uploads\/2022\/10\/IMG_20220810_180824-768x432.jpg 768w, https:\/\/bivouhack.fr\/wp-content\/uploads\/2022\/10\/IMG_20220810_180824-1536x864.jpg 1536w, https:\/\/bivouhack.fr\/wp-content\/uploads\/2022\/10\/IMG_20220810_180824.jpg 1920w\" sizes=\"100vw\" \/><\/a><\/div><a class=\"wp-block-latest-posts__post-title\" href=\"https:\/\/bivouhack.fr\/index.php\/2025\/01\/23\/le-voyage-de-marty-laguna-chillata-jour342\/\">Le voyage de Marty, Laguna Chillata #jour342<\/a><time datetime=\"2025-01-23T06:31:38+01:00\" class=\"wp-block-latest-posts__post-date\">23 janvier 2025<\/time><div class=\"wp-block-latest-posts__post-excerpt\">Je me douche, je chill, ca va beauuuuuucoup mieux mais je suis quand m\u00eame pas au top non plus. je fais les courses au march\u00e9 et dans les tiendas \u00e0 droite \u00e0 gauche : des tomates, du pain, du miel, banane &#8230; Achacachi c&rsquo;est assez particulier comme ville. Il fait &hellip; <p class=\"link-more\"><a href=\"https:\/\/bivouhack.fr\/index.php\/2025\/01\/23\/le-voyage-de-marty-laguna-chillata-jour342\/\" class=\"more-link\">Lire la suite de<span class=\"screen-reader-text\">\u00ab\u00a0Le voyage de Marty, Laguna Chillata #jour342\u00a0\u00bb<\/span><\/a><\/p><\/div><\/li>\n<li><a class=\"wp-block-latest-posts__post-title\" href=\"https:\/\/bivouhack.fr\/index.php\/2025\/01\/23\/le-voyage-de-marty-achacachi-jour341\/\">Le voyage de Marty, Achacachi #jour341<\/a><time datetime=\"2025-01-23T06:25:27+01:00\" class=\"wp-block-latest-posts__post-date\">23 janvier 2025<\/time><div class=\"wp-block-latest-posts__post-excerpt\">R\u00e9veil \u00e0 6h30 pour prendre la douche mais je me sens trop mal. Les autres partent mais moi j&rsquo;ai vraiment mal au ventre. Allong\u00e9 j&rsquo;ai envie de vomir, debout envie de chier. Franchement c&rsquo;est l&rsquo;enfer. Je veux prendre ma douche mais coupure d&rsquo;eau de nouveau. Je reste dans mon lit &hellip; <p class=\"link-more\"><a href=\"https:\/\/bivouhack.fr\/index.php\/2025\/01\/23\/le-voyage-de-marty-achacachi-jour341\/\" class=\"more-link\">Lire la suite de<span class=\"screen-reader-text\">\u00ab\u00a0Le voyage de Marty, Achacachi #jour341\u00a0\u00bb<\/span><\/a><\/p><\/div><\/li>\n<li><div class=\"wp-block-latest-posts__featured-image aligncenter\"><a href=\"https:\/\/bivouhack.fr\/index.php\/2025\/01\/23\/le-voyage-de-marty-copacabana-retour\/\" aria-label=\"Le voyage de Marty, Road to Achacachi #jour340\"><img decoding=\"async\" width=\"950\" height=\"534\" src=\"https:\/\/bivouhack.fr\/wp-content\/uploads\/2022\/10\/IMG_20220808_141558-1024x576.jpg\" class=\"attachment-large size-large wp-post-image\" alt=\"\" style=\"max-height:300px;\" srcset=\"https:\/\/bivouhack.fr\/wp-content\/uploads\/2022\/10\/IMG_20220808_141558-1024x576.jpg 1024w, https:\/\/bivouhack.fr\/wp-content\/uploads\/2022\/10\/IMG_20220808_141558-300x169.jpg 300w, https:\/\/bivouhack.fr\/wp-content\/uploads\/2022\/10\/IMG_20220808_141558-768x432.jpg 768w, https:\/\/bivouhack.fr\/wp-content\/uploads\/2022\/10\/IMG_20220808_141558-1536x864.jpg 1536w, https:\/\/bivouhack.fr\/wp-content\/uploads\/2022\/10\/IMG_20220808_141558.jpg 1920w\" sizes=\"100vw\" \/><\/a><\/div><a class=\"wp-block-latest-posts__post-title\" href=\"https:\/\/bivouhack.fr\/index.php\/2025\/01\/23\/le-voyage-de-marty-copacabana-retour\/\">Le voyage de Marty, Road to Achacachi #jour340<\/a><time datetime=\"2025-01-23T06:21:15+01:00\" class=\"wp-block-latest-posts__post-date\">23 janvier 2025<\/time><div class=\"wp-block-latest-posts__post-excerpt\">Lever \u00e0 7h, on range en vitesse et on prend le bateau de retour. Arriv\u00e9, je vais \u00e0 la fronti\u00e8re faire les papiers pour la moto c\u00f4t\u00e9 Bolivien. Je n&rsquo;\u00e9tais pas s\u00fbr de les faire parceque du coup la moto est enregistr\u00e9e, je devrai magouiller pour la revendre, la d\u00e9clarer &hellip; <p class=\"link-more\"><a href=\"https:\/\/bivouhack.fr\/index.php\/2025\/01\/23\/le-voyage-de-marty-copacabana-retour\/\" class=\"more-link\">Lire la suite de<span class=\"screen-reader-text\">\u00ab\u00a0Le voyage de Marty, Road to Achacachi #jour340\u00a0\u00bb<\/span><\/a><\/p><\/div><\/li>\n<li><div class=\"wp-block-latest-posts__featured-image aligncenter\"><a href=\"https:\/\/bivouhack.fr\/index.php\/2025\/01\/23\/le-voyage-de-marty-isla-del-sol-2-jour339\/\" aria-label=\"Le voyage de Marty, Isla del Sol 2 #jour339\"><img decoding=\"async\" width=\"950\" height=\"534\" src=\"https:\/\/bivouhack.fr\/wp-content\/uploads\/2022\/10\/IMG_20220807_165002-1-1024x576.jpg\" class=\"attachment-large size-large wp-post-image\" alt=\"\" style=\"max-height:300px;\" srcset=\"https:\/\/bivouhack.fr\/wp-content\/uploads\/2022\/10\/IMG_20220807_165002-1-1024x576.jpg 1024w, https:\/\/bivouhack.fr\/wp-content\/uploads\/2022\/10\/IMG_20220807_165002-1-300x169.jpg 300w, https:\/\/bivouhack.fr\/wp-content\/uploads\/2022\/10\/IMG_20220807_165002-1-768x432.jpg 768w, https:\/\/bivouhack.fr\/wp-content\/uploads\/2022\/10\/IMG_20220807_165002-1-1536x864.jpg 1536w, https:\/\/bivouhack.fr\/wp-content\/uploads\/2022\/10\/IMG_20220807_165002-1.jpg 1920w\" sizes=\"100vw\" \/><\/a><\/div><a class=\"wp-block-latest-posts__post-title\" href=\"https:\/\/bivouhack.fr\/index.php\/2025\/01\/23\/le-voyage-de-marty-isla-del-sol-2-jour339\/\">Le voyage de Marty, Isla del Sol 2 #jour339<\/a><time datetime=\"2025-01-23T06:07:20+01:00\" class=\"wp-block-latest-posts__post-date\">23 janvier 2025<\/time><div class=\"wp-block-latest-posts__post-excerpt\">R\u00e9veil tranquilou bilou, on d\u00e9jeune et les autres font un ch\u00e2teau de sable. J&rsquo;adore me r\u00e9veiller avec la nature, le soleil. Je me pose sur le ponton en b\u00e9ton et \u00e9cris un peu. C&rsquo;est agr\u00e9able d&rsquo;\u00eatre ici tranquille. Ca permet de se concentrer sur son environnement, de se d\u00e9tendre, de &hellip; <p class=\"link-more\"><a href=\"https:\/\/bivouhack.fr\/index.php\/2025\/01\/23\/le-voyage-de-marty-isla-del-sol-2-jour339\/\" class=\"more-link\">Lire la suite de<span class=\"screen-reader-text\">\u00ab\u00a0Le voyage de Marty, Isla del Sol 2 #jour339\u00a0\u00bb<\/span><\/a><\/p><\/div><\/li>\n<li><div class=\"wp-block-latest-posts__featured-image aligncenter\"><a href=\"https:\/\/bivouhack.fr\/index.php\/2025\/01\/23\/le-voyage-de-marty-isla-del-sol-1-jour338\/\" aria-label=\"Le voyage de Marty, Isla del Sol 1 #jour338\"><img decoding=\"async\" width=\"950\" height=\"711\" src=\"https:\/\/bivouhack.fr\/wp-content\/uploads\/2022\/10\/IMG_20220806_155246-1024x766.jpg\" class=\"attachment-large size-large wp-post-image\" alt=\"\" style=\"max-height:300px;\" srcset=\"https:\/\/bivouhack.fr\/wp-content\/uploads\/2022\/10\/IMG_20220806_155246-1024x766.jpg 1024w, https:\/\/bivouhack.fr\/wp-content\/uploads\/2022\/10\/IMG_20220806_155246-300x225.jpg 300w, https:\/\/bivouhack.fr\/wp-content\/uploads\/2022\/10\/IMG_20220806_155246-768x575.jpg 768w, https:\/\/bivouhack.fr\/wp-content\/uploads\/2022\/10\/IMG_20220806_155246-1536x1150.jpg 1536w, https:\/\/bivouhack.fr\/wp-content\/uploads\/2022\/10\/IMG_20220806_155246.jpg 1920w\" sizes=\"100vw\" \/><\/a><\/div><a class=\"wp-block-latest-posts__post-title\" href=\"https:\/\/bivouhack.fr\/index.php\/2025\/01\/23\/le-voyage-de-marty-isla-del-sol-1-jour338\/\">Le voyage de Marty, Isla del Sol 1 #jour338<\/a><time datetime=\"2025-01-23T06:02:18+01:00\" class=\"wp-block-latest-posts__post-date\">23 janvier 2025<\/time><div class=\"wp-block-latest-posts__post-excerpt\">R\u00e9veil 10h, rangement et courses au march\u00e9. Chacun s&rsquo;occupe de sa bouffe, c&rsquo;est plus simple comme \u00e7a. Pour retirer \u00e0 la banque, c&rsquo;est soit une carte Visa soit une Master card mais dans une seule banque et avec 7\u20ac de frais. \u00c0 la derni\u00e8re station essence c&rsquo;\u00e9tait pareil : uniquement &hellip; <p class=\"link-more\"><a href=\"https:\/\/bivouhack.fr\/index.php\/2025\/01\/23\/le-voyage-de-marty-isla-del-sol-1-jour338\/\" class=\"more-link\">Lire la suite de<span class=\"screen-reader-text\">\u00ab\u00a0Le voyage de Marty, Isla del Sol 1 #jour338\u00a0\u00bb<\/span><\/a><\/p><\/div><\/li>\n<li><div class=\"wp-block-latest-posts__featured-image aligncenter\"><a href=\"https:\/\/bivouhack.fr\/index.php\/2025\/01\/19\/le-voyage-de-marty-road-to-bolivia-jour337\/\" aria-label=\"Le voyage de Marty, Road to Bolivia #jour337\"><img decoding=\"async\" width=\"950\" height=\"534\" src=\"https:\/\/bivouhack.fr\/wp-content\/uploads\/2022\/08\/IMG_20220805_111232-1024x576.jpg\" class=\"attachment-large size-large wp-post-image\" alt=\"\" style=\"max-height:300px;\" srcset=\"https:\/\/bivouhack.fr\/wp-content\/uploads\/2022\/08\/IMG_20220805_111232-1024x576.jpg 1024w, https:\/\/bivouhack.fr\/wp-content\/uploads\/2022\/08\/IMG_20220805_111232-300x169.jpg 300w, https:\/\/bivouhack.fr\/wp-content\/uploads\/2022\/08\/IMG_20220805_111232-1536x864.jpg 1536w, https:\/\/bivouhack.fr\/wp-content\/uploads\/2022\/08\/IMG_20220805_111232.jpg 1920w\" sizes=\"100vw\" \/><\/a><\/div><a class=\"wp-block-latest-posts__post-title\" href=\"https:\/\/bivouhack.fr\/index.php\/2025\/01\/19\/le-voyage-de-marty-road-to-bolivia-jour337\/\">Le voyage de Marty, Road to Bolivia #jour337<\/a><time datetime=\"2025-01-19T22:59:38+01:00\" class=\"wp-block-latest-posts__post-date\">19 janvier 2025<\/time><div class=\"wp-block-latest-posts__post-excerpt\">R\u00e9veil et petit dej, je pars pour la Bolivie ce matin. Je d\u00e9marre en retard, comme d&rsquo;habitude apr\u00e8s avoir mang\u00e9 des oreos, je pars. Une femme dans la rue qui vend des empanadas me parle \u00ab\u00a0que fait un fran\u00e7ais ici perdu dans les Andes\u00a0\u00bb haha ! J&rsquo;aime beaucoup ces paysages, &hellip; <p class=\"link-more\"><a href=\"https:\/\/bivouhack.fr\/index.php\/2025\/01\/19\/le-voyage-de-marty-road-to-bolivia-jour337\/\" class=\"more-link\">Lire la suite de<span class=\"screen-reader-text\">\u00ab\u00a0Le voyage de Marty, Road to Bolivia #jour337\u00a0\u00bb<\/span><\/a><\/p><\/div><\/li>\n<li><div class=\"wp-block-latest-posts__featured-image aligncenter\"><a href=\"https:\/\/bivouhack.fr\/index.php\/2025\/01\/19\/le-voyage-de-marty-montana-7-colores-jour336\/\" aria-label=\"Le voyage de Marty, Montana 7 colores #jour336\"><img decoding=\"async\" width=\"950\" height=\"950\" src=\"https:\/\/bivouhack.fr\/wp-content\/uploads\/2022\/08\/IMG_20220804_094346-e1737322486531-1024x1024.jpg\" class=\"attachment-large size-large wp-post-image\" alt=\"\" style=\"max-height:300px;\" srcset=\"https:\/\/bivouhack.fr\/wp-content\/uploads\/2022\/08\/IMG_20220804_094346-e1737322486531-1024x1024.jpg 1024w, https:\/\/bivouhack.fr\/wp-content\/uploads\/2022\/08\/IMG_20220804_094346-e1737322486531-300x300.jpg 300w, https:\/\/bivouhack.fr\/wp-content\/uploads\/2022\/08\/IMG_20220804_094346-e1737322486531-150x150.jpg 150w, https:\/\/bivouhack.fr\/wp-content\/uploads\/2022\/08\/IMG_20220804_094346-e1737322486531-768x768.jpg 768w, https:\/\/bivouhack.fr\/wp-content\/uploads\/2022\/08\/IMG_20220804_094346-e1737322486531-24x24.jpg 24w, https:\/\/bivouhack.fr\/wp-content\/uploads\/2022\/08\/IMG_20220804_094346-e1737322486531-48x48.jpg 48w, https:\/\/bivouhack.fr\/wp-content\/uploads\/2022\/08\/IMG_20220804_094346-e1737322486531-96x96.jpg 96w, https:\/\/bivouhack.fr\/wp-content\/uploads\/2022\/08\/IMG_20220804_094346-e1737322486531.jpg 1075w\" sizes=\"100vw\" \/><\/a><\/div><a class=\"wp-block-latest-posts__post-title\" href=\"https:\/\/bivouhack.fr\/index.php\/2025\/01\/19\/le-voyage-de-marty-montana-7-colores-jour336\/\">Le voyage de Marty, Montana 7 colores #jour336<\/a><time datetime=\"2025-01-19T22:37:36+01:00\" class=\"wp-block-latest-posts__post-date\">19 janvier 2025<\/time><div class=\"wp-block-latest-posts__post-excerpt\">R\u00e9veil compliqu\u00e9 apr\u00e8s une nuit treeeees courte. Je range tout et part, je vois d\u00e9j\u00e0 les collectivo de touristes sur la route.. C&rsquo;est une piste pas tip top. Je rattrape un collectivo et demande donc \u00e0 monter avec eux. Je ne veux pas trop faire forcer la moto, on monte &hellip; <p class=\"link-more\"><a href=\"https:\/\/bivouhack.fr\/index.php\/2025\/01\/19\/le-voyage-de-marty-montana-7-colores-jour336\/\" class=\"more-link\">Lire la suite de<span class=\"screen-reader-text\">\u00ab\u00a0Le voyage de Marty, Montana 7 colores #jour336\u00a0\u00bb<\/span><\/a><\/p><\/div><\/li>\n<li><div class=\"wp-block-latest-posts__featured-image aligncenter\"><a href=\"https:\/\/bivouhack.fr\/index.php\/2025\/01\/19\/le-voyage-de-marty-road-to-montana-7-colores-jour335\/\" aria-label=\"Le voyage de Marty, Road to Monta\u00f1a 7 colores #jour335\"><img decoding=\"async\" width=\"573\" height=\"1024\" src=\"https:\/\/bivouhack.fr\/wp-content\/uploads\/2022\/08\/IMG_20220803_170653-573x1024.jpg\" class=\"attachment-large size-large wp-post-image\" alt=\"\" style=\"max-height:300px;\" srcset=\"https:\/\/bivouhack.fr\/wp-content\/uploads\/2022\/08\/IMG_20220803_170653-573x1024.jpg 573w, https:\/\/bivouhack.fr\/wp-content\/uploads\/2022\/08\/IMG_20220803_170653-168x300.jpg 168w, https:\/\/bivouhack.fr\/wp-content\/uploads\/2022\/08\/IMG_20220803_170653-860x1536.jpg 860w, https:\/\/bivouhack.fr\/wp-content\/uploads\/2022\/08\/IMG_20220803_170653.jpg 1075w\" sizes=\"100vw\" \/><\/a><\/div><a class=\"wp-block-latest-posts__post-title\" href=\"https:\/\/bivouhack.fr\/index.php\/2025\/01\/19\/le-voyage-de-marty-road-to-montana-7-colores-jour335\/\">Le voyage de Marty, Road to Monta\u00f1a 7 colores #jour335<\/a><time datetime=\"2025-01-19T21:59:26+01:00\" class=\"wp-block-latest-posts__post-date\">19 janvier 2025<\/time><div class=\"wp-block-latest-posts__post-excerpt\">R\u00e9veil \u00e0 midi, on chill, on regarde comment se rejoindre et quand avec la team bivouhack. Je discute avec Fio. On parle de diff\u00e9rence culturelle \u00e0 propos des sentiments. Elle me dit que dans la relation qu&rsquo;elle a eu avec un de ses copains, elle ne lui a pas dit &hellip; <p class=\"link-more\"><a href=\"https:\/\/bivouhack.fr\/index.php\/2025\/01\/19\/le-voyage-de-marty-road-to-montana-7-colores-jour335\/\" class=\"more-link\">Lire la suite de<span class=\"screen-reader-text\">\u00ab\u00a0Le voyage de Marty, Road to Monta\u00f1a 7 colores #jour335\u00a0\u00bb<\/span><\/a><\/p><\/div><\/li>\n<li><div class=\"wp-block-latest-posts__featured-image aligncenter\"><a href=\"https:\/\/bivouhack.fr\/index.php\/2025\/01\/19\/le-voyage-de-marty-cusco-day4-jour334\/\" aria-label=\"Le voyage de Marty, Cusco day4 #jour334\"><img decoding=\"async\" width=\"950\" height=\"534\" src=\"https:\/\/bivouhack.fr\/wp-content\/uploads\/2022\/10\/IMG_20220802_133935-1024x576.jpg\" class=\"attachment-large size-large wp-post-image\" alt=\"\" style=\"max-height:300px;\" srcset=\"https:\/\/bivouhack.fr\/wp-content\/uploads\/2022\/10\/IMG_20220802_133935-1024x576.jpg 1024w, https:\/\/bivouhack.fr\/wp-content\/uploads\/2022\/10\/IMG_20220802_133935-300x169.jpg 300w, https:\/\/bivouhack.fr\/wp-content\/uploads\/2022\/10\/IMG_20220802_133935-768x432.jpg 768w, https:\/\/bivouhack.fr\/wp-content\/uploads\/2022\/10\/IMG_20220802_133935-1536x864.jpg 1536w, https:\/\/bivouhack.fr\/wp-content\/uploads\/2022\/10\/IMG_20220802_133935.jpg 1920w\" sizes=\"100vw\" \/><\/a><\/div><a class=\"wp-block-latest-posts__post-title\" href=\"https:\/\/bivouhack.fr\/index.php\/2025\/01\/19\/le-voyage-de-marty-cusco-day4-jour334\/\">Le voyage de Marty, Cusco day4 #jour334<\/a><time datetime=\"2025-01-19T00:57:01+01:00\" class=\"wp-block-latest-posts__post-date\">19 janvier 2025<\/time><div class=\"wp-block-latest-posts__post-excerpt\">R\u00e9veil \u00e0 7h45, on se l\u00e8ve, on range les affaires et on part, on passe par la boulangerie et on prend le bus pour Ollantaytambo, un site arch\u00e9ologique majeur. Tambo signifiant auberge en inca, c&rsquo;est litt\u00e9ralement l&rsquo;auberge d&rsquo;Ollantay. Cette petite ville est nich\u00e9e entre les montagnes \u00e0 2800m d&rsquo;altitude et &hellip; <p class=\"link-more\"><a href=\"https:\/\/bivouhack.fr\/index.php\/2025\/01\/19\/le-voyage-de-marty-cusco-day4-jour334\/\" class=\"more-link\">Lire la suite de<span class=\"screen-reader-text\">\u00ab\u00a0Le voyage de Marty, Cusco day4 #jour334\u00a0\u00bb<\/span><\/a><\/p><\/div><\/li>\n<li><div class=\"wp-block-latest-posts__featured-image aligncenter\"><a href=\"https:\/\/bivouhack.fr\/index.php\/2025\/01\/18\/le-voyage-de-marty-cusco-day3-jour333\/\" aria-label=\"Le voyage de Marty, Cusco day3 #jour333\"><img decoding=\"async\" width=\"950\" height=\"711\" src=\"https:\/\/bivouhack.fr\/wp-content\/uploads\/2022\/10\/IMG_20220801_170705-1024x766.jpg\" class=\"attachment-large size-large wp-post-image\" alt=\"\" style=\"max-height:300px;\" srcset=\"https:\/\/bivouhack.fr\/wp-content\/uploads\/2022\/10\/IMG_20220801_170705-1024x766.jpg 1024w, https:\/\/bivouhack.fr\/wp-content\/uploads\/2022\/10\/IMG_20220801_170705-300x225.jpg 300w, https:\/\/bivouhack.fr\/wp-content\/uploads\/2022\/10\/IMG_20220801_170705-768x575.jpg 768w, https:\/\/bivouhack.fr\/wp-content\/uploads\/2022\/10\/IMG_20220801_170705-1536x1150.jpg 1536w, https:\/\/bivouhack.fr\/wp-content\/uploads\/2022\/10\/IMG_20220801_170705.jpg 1920w\" sizes=\"100vw\" \/><\/a><\/div><a class=\"wp-block-latest-posts__post-title\" href=\"https:\/\/bivouhack.fr\/index.php\/2025\/01\/18\/le-voyage-de-marty-cusco-day3-jour333\/\">Le voyage de Marty, Cusco day3 #jour333<\/a><time datetime=\"2025-01-18T22:43:12+01:00\" class=\"wp-block-latest-posts__post-date\">18 janvier 2025<\/time><div class=\"wp-block-latest-posts__post-excerpt\">Alexis est avec moi d\u00e9sormais ! Ca me fait tellement plaisir de le voir ! Enfin, je retrouve mes potes, apr\u00e8s 11 mois \u00e0 parcourir l&rsquo;Am\u00e9rique latine en solitaire, ca fait plus que plaisir. On a plein de choses \u00e0 se raconter, plein d&rsquo;aventures desquelles rire et \u00e9changer. Ca me &hellip; <p class=\"link-more\"><a href=\"https:\/\/bivouhack.fr\/index.php\/2025\/01\/18\/le-voyage-de-marty-cusco-day3-jour333\/\" class=\"more-link\">Lire la suite de<span class=\"screen-reader-text\">\u00ab\u00a0Le voyage de Marty, Cusco day3 #jour333\u00a0\u00bb<\/span><\/a><\/p><\/div><\/li>\n<li><div class=\"wp-block-latest-posts__featured-image aligncenter\"><a href=\"https:\/\/bivouhack.fr\/index.php\/2025\/01\/18\/le-voyage-de-marty-cusco-day2-jour332\/\" aria-label=\"Le voyage de Marty, Cusco day2 #jour332\"><img decoding=\"async\" width=\"950\" height=\"534\" src=\"https:\/\/bivouhack.fr\/wp-content\/uploads\/2022\/08\/IMG_20220731_180131-1024x576.jpg\" class=\"attachment-large size-large wp-post-image\" alt=\"\" style=\"max-height:300px;\" srcset=\"https:\/\/bivouhack.fr\/wp-content\/uploads\/2022\/08\/IMG_20220731_180131-1024x576.jpg 1024w, https:\/\/bivouhack.fr\/wp-content\/uploads\/2022\/08\/IMG_20220731_180131-300x169.jpg 300w, https:\/\/bivouhack.fr\/wp-content\/uploads\/2022\/08\/IMG_20220731_180131-1536x864.jpg 1536w, https:\/\/bivouhack.fr\/wp-content\/uploads\/2022\/08\/IMG_20220731_180131.jpg 1920w\" sizes=\"100vw\" \/><\/a><\/div><a class=\"wp-block-latest-posts__post-title\" href=\"https:\/\/bivouhack.fr\/index.php\/2025\/01\/18\/le-voyage-de-marty-cusco-day2-jour332\/\">Le voyage de Marty, Cusco day2 #jour332<\/a><time datetime=\"2025-01-18T22:20:19+01:00\" class=\"wp-block-latest-posts__post-date\">18 janvier 2025<\/time><div class=\"wp-block-latest-posts__post-excerpt\">R\u00e9veil \u00e0 13h. Au calme. Je ne fais rien. Je reste dans mon lit jusque 16h. Je suis (un peu) fatigu\u00e9. Je discute un peu avec Fio, prend une douche, fait une sieste et sort. Je me prend de la bouffe dans la rue, riz avec \u0153uf frit et frites. &hellip; <p class=\"link-more\"><a href=\"https:\/\/bivouhack.fr\/index.php\/2025\/01\/18\/le-voyage-de-marty-cusco-day2-jour332\/\" class=\"more-link\">Lire la suite de<span class=\"screen-reader-text\">\u00ab\u00a0Le voyage de Marty, Cusco day2 #jour332\u00a0\u00bb<\/span><\/a><\/p><\/div><\/li>\n<li><div class=\"wp-block-latest-posts__featured-image aligncenter\"><a href=\"https:\/\/bivouhack.fr\/index.php\/2025\/01\/18\/le-voyage-de-marty-cusco-day1-jour331\/\" aria-label=\"Le voyage de Marty, Cusco day1 #jour331\"><img decoding=\"async\" width=\"950\" height=\"534\" src=\"https:\/\/bivouhack.fr\/wp-content\/uploads\/2022\/10\/IMG_20220730_212741-1024x576.jpg\" class=\"attachment-large size-large wp-post-image\" alt=\"\" style=\"max-height:300px;\" srcset=\"https:\/\/bivouhack.fr\/wp-content\/uploads\/2022\/10\/IMG_20220730_212741-1024x576.jpg 1024w, https:\/\/bivouhack.fr\/wp-content\/uploads\/2022\/10\/IMG_20220730_212741-300x169.jpg 300w, https:\/\/bivouhack.fr\/wp-content\/uploads\/2022\/10\/IMG_20220730_212741-768x432.jpg 768w, https:\/\/bivouhack.fr\/wp-content\/uploads\/2022\/10\/IMG_20220730_212741-1536x864.jpg 1536w, https:\/\/bivouhack.fr\/wp-content\/uploads\/2022\/10\/IMG_20220730_212741.jpg 1920w\" sizes=\"100vw\" \/><\/a><\/div><a class=\"wp-block-latest-posts__post-title\" href=\"https:\/\/bivouhack.fr\/index.php\/2025\/01\/18\/le-voyage-de-marty-cusco-day1-jour331\/\">Le voyage de Marty, Cusco day1 #jour331<\/a><time datetime=\"2025-01-18T21:56:22+01:00\" class=\"wp-block-latest-posts__post-date\">18 janvier 2025<\/time><div class=\"wp-block-latest-posts__post-excerpt\">Je me l\u00e8ve, fais mes affaires et vais dans le centre ville. Je me prend une auberge de jeunesse sympa et fais le tour de Cuzco en me promenant. Le centre historique n&rsquo;est pas tr\u00e8s grand mais hyper sympa. C&rsquo;est blind\u00e9 d&rsquo;\u00e9trangers, surtout d&rsquo;\u00e9tats-uniens. Comme d&rsquo;habitude, partout o\u00f9 ils vont &hellip; <p class=\"link-more\"><a href=\"https:\/\/bivouhack.fr\/index.php\/2025\/01\/18\/le-voyage-de-marty-cusco-day1-jour331\/\" class=\"more-link\">Lire la suite de<span class=\"screen-reader-text\">\u00ab\u00a0Le voyage de Marty, Cusco day1 #jour331\u00a0\u00bb<\/span><\/a><\/p><\/div><\/li>\n<li><div class=\"wp-block-latest-posts__featured-image aligncenter\"><a href=\"https:\/\/bivouhack.fr\/index.php\/2025\/01\/18\/le-voyage-de-marty-road-to-cuzco-jour330\/\" aria-label=\"Le voyage de Marty, Road to Cuzco #jour330\"><img decoding=\"async\" width=\"950\" height=\"711\" src=\"https:\/\/bivouhack.fr\/wp-content\/uploads\/2022\/10\/img_20220729_0924538946986093129604242-1024x766.jpg\" class=\"attachment-large size-large wp-post-image\" alt=\"\" style=\"max-height:300px;\" srcset=\"https:\/\/bivouhack.fr\/wp-content\/uploads\/2022\/10\/img_20220729_0924538946986093129604242-1024x766.jpg 1024w, https:\/\/bivouhack.fr\/wp-content\/uploads\/2022\/10\/img_20220729_0924538946986093129604242-300x225.jpg 300w, https:\/\/bivouhack.fr\/wp-content\/uploads\/2022\/10\/img_20220729_0924538946986093129604242-768x575.jpg 768w, https:\/\/bivouhack.fr\/wp-content\/uploads\/2022\/10\/img_20220729_0924538946986093129604242-1536x1150.jpg 1536w, https:\/\/bivouhack.fr\/wp-content\/uploads\/2022\/10\/img_20220729_0924538946986093129604242.jpg 1920w\" sizes=\"100vw\" \/><\/a><\/div><a class=\"wp-block-latest-posts__post-title\" href=\"https:\/\/bivouhack.fr\/index.php\/2025\/01\/18\/le-voyage-de-marty-road-to-cuzco-jour330\/\">Le voyage de Marty, Road to Cuzco #jour330<\/a><time datetime=\"2025-01-18T20:56:25+01:00\" class=\"wp-block-latest-posts__post-date\">18 janvier 2025<\/time><div class=\"wp-block-latest-posts__post-excerpt\">On se l\u00e8ve assez t\u00f4t avec Roberto, il travaille aujourd&rsquo;hui. Sa maison en photo ci-dessous. Il m&#8217;emm\u00e8ne voir un pote \u00e0 lui qui a un caf\u00e9. Why not. Le mec me pr\u00e9pare une salade de fruit qui a tout d&rsquo;un vrai repas et un grand caf\u00e9. Il est motard aussi &hellip; <p class=\"link-more\"><a href=\"https:\/\/bivouhack.fr\/index.php\/2025\/01\/18\/le-voyage-de-marty-road-to-cuzco-jour330\/\" class=\"more-link\">Lire la suite de<span class=\"screen-reader-text\">\u00ab\u00a0Le voyage de Marty, Road to Cuzco #jour330\u00a0\u00bb<\/span><\/a><\/p><\/div><\/li>\n<li><div class=\"wp-block-latest-posts__featured-image aligncenter\"><a href=\"https:\/\/bivouhack.fr\/index.php\/2025\/01\/17\/le-voyage-de-marty-road-to-andahuaylas-jour329\/\" aria-label=\"Le voyage de Marty, Road to Andahuaylas #jour329\"><img decoding=\"async\" width=\"950\" height=\"534\" src=\"https:\/\/bivouhack.fr\/wp-content\/uploads\/2024\/05\/IMG_20220728_094423-1024x576.jpg\" class=\"attachment-large size-large wp-post-image\" alt=\"\" style=\"max-height:300px;\" srcset=\"https:\/\/bivouhack.fr\/wp-content\/uploads\/2024\/05\/IMG_20220728_094423-1024x576.jpg 1024w, https:\/\/bivouhack.fr\/wp-content\/uploads\/2024\/05\/IMG_20220728_094423-300x169.jpg 300w, https:\/\/bivouhack.fr\/wp-content\/uploads\/2024\/05\/IMG_20220728_094423-1536x864.jpg 1536w, https:\/\/bivouhack.fr\/wp-content\/uploads\/2024\/05\/IMG_20220728_094423.jpg 1920w\" sizes=\"100vw\" \/><\/a><\/div><a class=\"wp-block-latest-posts__post-title\" href=\"https:\/\/bivouhack.fr\/index.php\/2025\/01\/17\/le-voyage-de-marty-road-to-andahuaylas-jour329\/\">Le voyage de Marty, Road to Andahuaylas #jour329<\/a><time datetime=\"2025-01-17T22:42:45+01:00\" class=\"wp-block-latest-posts__post-date\">17 janvier 2025<\/time><div class=\"wp-block-latest-posts__post-excerpt\">R\u00e9veil un peu t\u00f4t pour avoir le temps de me promener vers les piscines. La vue depuis la tente est trop belle et les piscines se r\u00e9v\u00e8lent carr\u00e9ment avec la lumi\u00e8re du soleil. Je prend ensuite la route d&rsquo;Andahuaylas. Au moment de partir, un vieux me fait remarquer que mon &hellip; <p class=\"link-more\"><a href=\"https:\/\/bivouhack.fr\/index.php\/2025\/01\/17\/le-voyage-de-marty-road-to-andahuaylas-jour329\/\" class=\"more-link\">Lire la suite de<span class=\"screen-reader-text\">\u00ab\u00a0Le voyage de Marty, Road to Andahuaylas #jour329\u00a0\u00bb<\/span><\/a><\/p><\/div><\/li>\n<li><div class=\"wp-block-latest-posts__featured-image aligncenter\"><a href=\"https:\/\/bivouhack.fr\/index.php\/2025\/01\/17\/le-voyage-de-marty-road-to-aguas-de-millpu-jour328\/\" aria-label=\"Le voyage de Marty, Road to Aguas de Millpu #jour328\"><img decoding=\"async\" width=\"950\" height=\"534\" src=\"https:\/\/bivouhack.fr\/wp-content\/uploads\/2022\/07\/IMG_20220727_140939-1024x576.jpg\" class=\"attachment-large size-large wp-post-image\" alt=\"\" style=\"max-height:300px;\" srcset=\"https:\/\/bivouhack.fr\/wp-content\/uploads\/2022\/07\/IMG_20220727_140939-1024x576.jpg 1024w, https:\/\/bivouhack.fr\/wp-content\/uploads\/2022\/07\/IMG_20220727_140939-300x169.jpg 300w, https:\/\/bivouhack.fr\/wp-content\/uploads\/2022\/07\/IMG_20220727_140939-1536x864.jpg 1536w, https:\/\/bivouhack.fr\/wp-content\/uploads\/2022\/07\/IMG_20220727_140939.jpg 1920w\" sizes=\"100vw\" \/><\/a><\/div><a class=\"wp-block-latest-posts__post-title\" href=\"https:\/\/bivouhack.fr\/index.php\/2025\/01\/17\/le-voyage-de-marty-road-to-aguas-de-millpu-jour328\/\">Le voyage de Marty, Road to Aguas de Millpu #jour328<\/a><time datetime=\"2025-01-17T22:02:28+01:00\" class=\"wp-block-latest-posts__post-date\">17 janvier 2025<\/time><div class=\"wp-block-latest-posts__post-excerpt\">R\u00e9veil 8h un poil dur, je sors la moto avec la voiture du p\u00e8re de Jaime. Je chill 10min puis je vais voir \u00e0 la llanteria que m&rsquo;a indiqu\u00e9 le mec du groupe motoposada, qui est \u00e0 50m pour faire r\u00e9parer la chambre \u00e0 air de la roue arri\u00e8re (j&rsquo;ai &hellip; <p class=\"link-more\"><a href=\"https:\/\/bivouhack.fr\/index.php\/2025\/01\/17\/le-voyage-de-marty-road-to-aguas-de-millpu-jour328\/\" class=\"more-link\">Lire la suite de<span class=\"screen-reader-text\">\u00ab\u00a0Le voyage de Marty, Road to Aguas de Millpu #jour328\u00a0\u00bb<\/span><\/a><\/p><\/div><\/li>\n<li><div class=\"wp-block-latest-posts__featured-image aligncenter\"><a href=\"https:\/\/bivouhack.fr\/index.php\/2025\/01\/17\/le-voyage-de-marty-ayacucho-jour327\/\" aria-label=\"Le voyage de Marty, Ayacucho #jour327\"><img decoding=\"async\" width=\"950\" height=\"572\" src=\"https:\/\/bivouhack.fr\/wp-content\/uploads\/2024\/05\/IMG_20220726_135728-1024x617.jpg\" class=\"attachment-large size-large wp-post-image\" alt=\"\" style=\"max-height:300px;\" srcset=\"https:\/\/bivouhack.fr\/wp-content\/uploads\/2024\/05\/IMG_20220726_135728-1024x617.jpg 1024w, https:\/\/bivouhack.fr\/wp-content\/uploads\/2024\/05\/IMG_20220726_135728-300x181.jpg 300w, https:\/\/bivouhack.fr\/wp-content\/uploads\/2024\/05\/IMG_20220726_135728-1536x925.jpg 1536w, https:\/\/bivouhack.fr\/wp-content\/uploads\/2024\/05\/IMG_20220726_135728.jpg 1920w\" sizes=\"100vw\" \/><\/a><\/div><a class=\"wp-block-latest-posts__post-title\" href=\"https:\/\/bivouhack.fr\/index.php\/2025\/01\/17\/le-voyage-de-marty-ayacucho-jour327\/\">Le voyage de Marty, Ayacucho #jour327<\/a><time datetime=\"2025-01-17T21:38:05+01:00\" class=\"wp-block-latest-posts__post-date\">17 janvier 2025<\/time><div class=\"wp-block-latest-posts__post-excerpt\">Je me l\u00e8ve et vais en moto un peu au dessus de la ville \u00e0 un spot assez connu qui a une belle vue. C&rsquo;est sympatoche. Jaime m&rsquo;appelle et m&rsquo;invite \u00e0 l&rsquo;anniversaire de son cousin. Je descend et vais y faire un tour. C&rsquo;est juste avec la famille proche. Le &hellip; <p class=\"link-more\"><a href=\"https:\/\/bivouhack.fr\/index.php\/2025\/01\/17\/le-voyage-de-marty-ayacucho-jour327\/\" class=\"more-link\">Lire la suite de<span class=\"screen-reader-text\">\u00ab\u00a0Le voyage de Marty, Ayacucho #jour327\u00a0\u00bb<\/span><\/a><\/p><\/div><\/li>\n<li><div class=\"wp-block-latest-posts__featured-image aligncenter\"><a href=\"https:\/\/bivouhack.fr\/index.php\/2025\/01\/17\/le-voyage-de-marty-road-to-ayacucho-jour326\/\" aria-label=\"Le voyage de Marty, Road to Ayacucho #jour326\"><img decoding=\"async\" width=\"950\" height=\"534\" src=\"https:\/\/bivouhack.fr\/wp-content\/uploads\/2022\/07\/IMG_20220725_113342-1024x576.jpg\" class=\"attachment-large size-large wp-post-image\" alt=\"\" style=\"max-height:300px;\" srcset=\"https:\/\/bivouhack.fr\/wp-content\/uploads\/2022\/07\/IMG_20220725_113342-1024x576.jpg 1024w, https:\/\/bivouhack.fr\/wp-content\/uploads\/2022\/07\/IMG_20220725_113342-300x169.jpg 300w, https:\/\/bivouhack.fr\/wp-content\/uploads\/2022\/07\/IMG_20220725_113342-1536x864.jpg 1536w, https:\/\/bivouhack.fr\/wp-content\/uploads\/2022\/07\/IMG_20220725_113342.jpg 1920w\" sizes=\"100vw\" \/><\/a><\/div><a class=\"wp-block-latest-posts__post-title\" href=\"https:\/\/bivouhack.fr\/index.php\/2025\/01\/17\/le-voyage-de-marty-road-to-ayacucho-jour326\/\">Le voyage de Marty, Road to Ayacucho #jour326<\/a><time datetime=\"2025-01-17T00:51:08+01:00\" class=\"wp-block-latest-posts__post-date\">17 janvier 2025<\/time><div class=\"wp-block-latest-posts__post-excerpt\">Je pars sans trop tarder, j&rsquo;ai pas mal de route qui m&rsquo;attend aujourd&rsquo;hui. Destination Ayacucho. Cela va \u00eatre une journ\u00e9e assez simple mais tellement belle, pendant laquelle je vais passer par majoritairement des routes en terres dans la pampa, dans des canyons, entre les montagnes. J&rsquo;en garde un excellent souvenir &hellip; <p class=\"link-more\"><a href=\"https:\/\/bivouhack.fr\/index.php\/2025\/01\/17\/le-voyage-de-marty-road-to-ayacucho-jour326\/\" class=\"more-link\">Lire la suite de<span class=\"screen-reader-text\">\u00ab\u00a0Le voyage de Marty, Road to Ayacucho #jour326\u00a0\u00bb<\/span><\/a><\/p><\/div><\/li>\n<li><a class=\"wp-block-latest-posts__post-title\" href=\"https:\/\/bivouhack.fr\/index.php\/2025\/01\/16\/le-voyage-de-marty-concepcion-jour325\/\">Le voyage de Marty, Concepci\u00f3n #jour325<\/a><time datetime=\"2025-01-16T22:48:16+01:00\" class=\"wp-block-latest-posts__post-date\">16 janvier 2025<\/time><div class=\"wp-block-latest-posts__post-excerpt\">R\u00e9veil vers midi, encore bourr\u00e9 de la veille. Aujourd&rsquo;hui ca va \u00eatre chill. Je fais la sieste, je tra\u00eene sur mon tel, je fais pas grand chose. Je parle avec la fille d&rsquo;hier soir, celle de la fin, on va se voir cette aprem\/ce soir. Je tra\u00eene, je prend ma &hellip; <p class=\"link-more\"><a href=\"https:\/\/bivouhack.fr\/index.php\/2025\/01\/16\/le-voyage-de-marty-concepcion-jour325\/\" class=\"more-link\">Lire la suite de<span class=\"screen-reader-text\">\u00ab\u00a0Le voyage de Marty, Concepci\u00f3n #jour325\u00a0\u00bb<\/span><\/a><\/p><\/div><\/li>\n<li><div class=\"wp-block-latest-posts__featured-image aligncenter\"><a href=\"https:\/\/bivouhack.fr\/index.php\/2025\/01\/16\/le-voyage-de-marty-road-to-huancayo-jour324\/\" aria-label=\"Le voyage de Marty, Road to Huancayo #jour324\"><img decoding=\"async\" width=\"833\" height=\"833\" src=\"https:\/\/bivouhack.fr\/wp-content\/uploads\/2022\/07\/IMG_20220723_151412.jpg\" class=\"attachment-large size-large wp-post-image\" alt=\"\" style=\"max-height:300px;\" srcset=\"https:\/\/bivouhack.fr\/wp-content\/uploads\/2022\/07\/IMG_20220723_151412.jpg 833w, https:\/\/bivouhack.fr\/wp-content\/uploads\/2022\/07\/IMG_20220723_151412-300x300.jpg 300w, https:\/\/bivouhack.fr\/wp-content\/uploads\/2022\/07\/IMG_20220723_151412-150x150.jpg 150w\" sizes=\"100vw\" \/><\/a><\/div><a class=\"wp-block-latest-posts__post-title\" href=\"https:\/\/bivouhack.fr\/index.php\/2025\/01\/16\/le-voyage-de-marty-road-to-huancayo-jour324\/\">Le voyage de Marty, Road to Huancayo #jour324<\/a><time datetime=\"2025-01-16T22:13:35+01:00\" class=\"wp-block-latest-posts__post-date\">16 janvier 2025<\/time><div class=\"wp-block-latest-posts__post-excerpt\">Je suis pr\u00eat a partir a 10h mais visiblement pas la moto qui refuse de d\u00e9marrer. Je fais ce que je peux, impossible. Je vais voir le m\u00e9cano qui est a 10m de la et qui la d\u00e9marre sans probl\u00e8me. Le souci c&rsquo;est que je faisais comme les colombiens m&rsquo;avaient &hellip; <p class=\"link-more\"><a href=\"https:\/\/bivouhack.fr\/index.php\/2025\/01\/16\/le-voyage-de-marty-road-to-huancayo-jour324\/\" class=\"more-link\">Lire la suite de<span class=\"screen-reader-text\">\u00ab\u00a0Le voyage de Marty, Road to Huancayo #jour324\u00a0\u00bb<\/span><\/a><\/p><\/div><\/li>\n<li><div class=\"wp-block-latest-posts__featured-image aligncenter\"><a href=\"https:\/\/bivouhack.fr\/index.php\/2025\/01\/16\/le-voyage-de-marty-road-to-cerro-de-pasco-jour323\/\" aria-label=\"Le voyage de Marty, Road to Cerro de Pasco #jour323\"><img decoding=\"async\" width=\"950\" height=\"534\" src=\"https:\/\/bivouhack.fr\/wp-content\/uploads\/2022\/08\/IMG_20220722_141415-1024x576.jpg\" class=\"attachment-large size-large wp-post-image\" alt=\"\" style=\"max-height:300px;\" srcset=\"https:\/\/bivouhack.fr\/wp-content\/uploads\/2022\/08\/IMG_20220722_141415-1024x576.jpg 1024w, https:\/\/bivouhack.fr\/wp-content\/uploads\/2022\/08\/IMG_20220722_141415-300x169.jpg 300w, https:\/\/bivouhack.fr\/wp-content\/uploads\/2022\/08\/IMG_20220722_141415-768x432.jpg 768w, https:\/\/bivouhack.fr\/wp-content\/uploads\/2022\/08\/IMG_20220722_141415-1536x864.jpg 1536w, https:\/\/bivouhack.fr\/wp-content\/uploads\/2022\/08\/IMG_20220722_141415.jpg 1920w\" sizes=\"100vw\" \/><\/a><\/div><a class=\"wp-block-latest-posts__post-title\" href=\"https:\/\/bivouhack.fr\/index.php\/2025\/01\/16\/le-voyage-de-marty-road-to-cerro-de-pasco-jour323\/\">Le voyage de Marty, Road to Cerro de Pasco #jour323<\/a><time datetime=\"2025-01-16T21:38:18+01:00\" class=\"wp-block-latest-posts__post-date\">16 janvier 2025<\/time><div class=\"wp-block-latest-posts__post-excerpt\">R\u00e9veil cool, je fais mes affaires, trouve un truc a grignoter et rejoins Diego. On discute et on se prom\u00e8ne avec son chien. La balade est tr\u00e8s sympa mais il se prom\u00e8ne surtout avec son chien et son t\u00e9l\u00e9phone. J&rsquo;avoue ne pas trop comprendre, on passe 2h ensemble ou il &hellip; <p class=\"link-more\"><a href=\"https:\/\/bivouhack.fr\/index.php\/2025\/01\/16\/le-voyage-de-marty-road-to-cerro-de-pasco-jour323\/\" class=\"more-link\">Lire la suite de<span class=\"screen-reader-text\">\u00ab\u00a0Le voyage de Marty, Road to Cerro de Pasco #jour323\u00a0\u00bb<\/span><\/a><\/p><\/div><\/li>\n<li><div class=\"wp-block-latest-posts__featured-image aligncenter\"><a href=\"https:\/\/bivouhack.fr\/index.php\/2025\/01\/16\/le-voyage-de-marty-lagunas-de-pichgacocha-jour322\/\" aria-label=\"Le voyage de Marty, Lagunas de Pichgacocha #jour322\"><img decoding=\"async\" width=\"950\" height=\"711\" src=\"https:\/\/bivouhack.fr\/wp-content\/uploads\/2022\/07\/IMG_20220721_161735-1024x766.jpg\" class=\"attachment-large size-large wp-post-image\" alt=\"\" style=\"max-height:300px;\" srcset=\"https:\/\/bivouhack.fr\/wp-content\/uploads\/2022\/07\/IMG_20220721_161735-1024x766.jpg 1024w, https:\/\/bivouhack.fr\/wp-content\/uploads\/2022\/07\/IMG_20220721_161735-300x225.jpg 300w, https:\/\/bivouhack.fr\/wp-content\/uploads\/2022\/07\/IMG_20220721_161735-1536x1150.jpg 1536w, https:\/\/bivouhack.fr\/wp-content\/uploads\/2022\/07\/IMG_20220721_161735.jpg 1920w\" sizes=\"100vw\" \/><\/a><\/div><a class=\"wp-block-latest-posts__post-title\" href=\"https:\/\/bivouhack.fr\/index.php\/2025\/01\/16\/le-voyage-de-marty-lagunas-de-pichgacocha-jour322\/\">Le voyage de Marty, Lagunas de Pichgacocha #jour322<\/a><time datetime=\"2025-01-16T01:12:20+01:00\" class=\"wp-block-latest-posts__post-date\">16 janvier 2025<\/time><div class=\"wp-block-latest-posts__post-excerpt\">Je me l\u00e8ve tranquillement puis on se retrouve avec Italo. On part en moto tranquilou. On monte tant bien que mal la route en terre qui m\u00e8ne aux 5 lagunes. On paie un droit d&rsquo;entr\u00e9e \u00e0 la maison au bord de la route qui a d\u00e9cid\u00e9 de poser la une &hellip; <p class=\"link-more\"><a href=\"https:\/\/bivouhack.fr\/index.php\/2025\/01\/16\/le-voyage-de-marty-lagunas-de-pichgacocha-jour322\/\" class=\"more-link\">Lire la suite de<span class=\"screen-reader-text\">\u00ab\u00a0Le voyage de Marty, Lagunas de Pichgacocha #jour322\u00a0\u00bb<\/span><\/a><\/p><\/div><\/li>\n<li><div class=\"wp-block-latest-posts__featured-image aligncenter\"><a href=\"https:\/\/bivouhack.fr\/index.php\/2025\/01\/15\/le-voyage-de-marty-road-to-huanuco-jour321\/\" aria-label=\"Le voyage de Marty, Road to Hu\u00e1nuco #jour321\"><img decoding=\"async\" width=\"950\" height=\"534\" src=\"https:\/\/bivouhack.fr\/wp-content\/uploads\/2025\/01\/IMG_20220720_095920-1024x576.jpg\" class=\"attachment-large size-large wp-post-image\" alt=\"\" style=\"max-height:300px;\" srcset=\"https:\/\/bivouhack.fr\/wp-content\/uploads\/2025\/01\/IMG_20220720_095920-1024x576.jpg 1024w, https:\/\/bivouhack.fr\/wp-content\/uploads\/2025\/01\/IMG_20220720_095920-300x169.jpg 300w, https:\/\/bivouhack.fr\/wp-content\/uploads\/2025\/01\/IMG_20220720_095920-1536x864.jpg 1536w, https:\/\/bivouhack.fr\/wp-content\/uploads\/2025\/01\/IMG_20220720_095920.jpg 1920w\" sizes=\"100vw\" \/><\/a><\/div><a class=\"wp-block-latest-posts__post-title\" href=\"https:\/\/bivouhack.fr\/index.php\/2025\/01\/15\/le-voyage-de-marty-road-to-huanuco-jour321\/\">Le voyage de Marty, Road to Hu\u00e1nuco #jour321<\/a><time datetime=\"2025-01-15T22:08:11+01:00\" class=\"wp-block-latest-posts__post-date\">15 janvier 2025<\/time><div class=\"wp-block-latest-posts__post-excerpt\">Je me r\u00e9veille tranquillement, descend manger avec la grand m\u00e8re qui pr\u00e9pare comme hier + du \u00ab\u00a0caf\u00e9\u00a0\u00bb qui est en fait de la chicor\u00e9e maison. Ci dessous les photos de la cuisine : Je fais mes affaires, paie la dame une trentaine de soles (7\u20ac) puis d\u00e9marre direction Hu\u00e1nuco. Il &hellip; <p class=\"link-more\"><a href=\"https:\/\/bivouhack.fr\/index.php\/2025\/01\/15\/le-voyage-de-marty-road-to-huanuco-jour321\/\" class=\"more-link\">Lire la suite de<span class=\"screen-reader-text\">\u00ab\u00a0Le voyage de Marty, Road to Hu\u00e1nuco #jour321\u00a0\u00bb<\/span><\/a><\/p><\/div><\/li>\n<li><div class=\"wp-block-latest-posts__featured-image aligncenter\"><a href=\"https:\/\/bivouhack.fr\/index.php\/2025\/01\/15\/le-voyage-de-marty-road-to-corona-del-inca-jour320\/\" aria-label=\"Le voyage de Marty, Road to Corona del Inca #jour320\"><img decoding=\"async\" width=\"950\" height=\"534\" src=\"https:\/\/bivouhack.fr\/wp-content\/uploads\/2024\/05\/IMG_20220719_181159-1024x576.jpg\" class=\"attachment-large size-large wp-post-image\" alt=\"\" style=\"max-height:300px;\" srcset=\"https:\/\/bivouhack.fr\/wp-content\/uploads\/2024\/05\/IMG_20220719_181159-1024x576.jpg 1024w, https:\/\/bivouhack.fr\/wp-content\/uploads\/2024\/05\/IMG_20220719_181159-300x169.jpg 300w, https:\/\/bivouhack.fr\/wp-content\/uploads\/2024\/05\/IMG_20220719_181159-1536x864.jpg 1536w, https:\/\/bivouhack.fr\/wp-content\/uploads\/2024\/05\/IMG_20220719_181159.jpg 1920w\" sizes=\"100vw\" \/><\/a><\/div><a class=\"wp-block-latest-posts__post-title\" href=\"https:\/\/bivouhack.fr\/index.php\/2025\/01\/15\/le-voyage-de-marty-road-to-corona-del-inca-jour320\/\">Le voyage de Marty, Road to Corona del Inca #jour320<\/a><time datetime=\"2025-01-15T21:50:57+01:00\" class=\"wp-block-latest-posts__post-date\">15 janvier 2025<\/time><div class=\"wp-block-latest-posts__post-excerpt\">Apr\u00e8s cette nuit \u00e0 4000m vraaaiment pas terrible, je me l\u00e8ve un peu laborieusement. Dans la petite vall\u00e9e en dessous de ma tente, un garde en gilet jaune m&rsquo;apostrophe : je n&rsquo;ai pas le droit d&rsquo;\u00eatre ici, le territoire appartient \u00e0 la mine. Soit je pars rapidement soit il appelle &hellip; <p class=\"link-more\"><a href=\"https:\/\/bivouhack.fr\/index.php\/2025\/01\/15\/le-voyage-de-marty-road-to-corona-del-inca-jour320\/\" class=\"more-link\">Lire la suite de<span class=\"screen-reader-text\">\u00ab\u00a0Le voyage de Marty, Road to Corona del Inca #jour320\u00a0\u00bb<\/span><\/a><\/p><\/div><\/li>\n<li><div class=\"wp-block-latest-posts__featured-image aligncenter\"><a href=\"https:\/\/bivouhack.fr\/index.php\/2025\/01\/15\/le-voyage-de-marty-antamina-jour319\/\" aria-label=\"Le voyage de Marty, Antamina #jour319\"><img decoding=\"async\" width=\"950\" height=\"534\" src=\"https:\/\/bivouhack.fr\/wp-content\/uploads\/2022\/08\/IMG_20220718_180445-1024x576.jpg\" class=\"attachment-large size-large wp-post-image\" alt=\"\" style=\"max-height:300px;\" srcset=\"https:\/\/bivouhack.fr\/wp-content\/uploads\/2022\/08\/IMG_20220718_180445-1024x576.jpg 1024w, https:\/\/bivouhack.fr\/wp-content\/uploads\/2022\/08\/IMG_20220718_180445-300x169.jpg 300w, https:\/\/bivouhack.fr\/wp-content\/uploads\/2022\/08\/IMG_20220718_180445-768x432.jpg 768w, https:\/\/bivouhack.fr\/wp-content\/uploads\/2022\/08\/IMG_20220718_180445-1536x864.jpg 1536w, https:\/\/bivouhack.fr\/wp-content\/uploads\/2022\/08\/IMG_20220718_180445.jpg 1920w\" sizes=\"100vw\" \/><\/a><\/div><a class=\"wp-block-latest-posts__post-title\" href=\"https:\/\/bivouhack.fr\/index.php\/2025\/01\/15\/le-voyage-de-marty-antamina-jour319\/\">Le voyage de Marty, Antamina #jour319<\/a><time datetime=\"2025-01-15T19:54:59+01:00\" class=\"wp-block-latest-posts__post-date\">15 janvier 2025<\/time><div class=\"wp-block-latest-posts__post-excerpt\">R\u00e9veil pas trop tard mais je tra\u00eene, j&rsquo;ai suuuuper mal dormi, je ne sais pas pourquoi, je suis crev\u00e9. D\u00e9part \u00e0 9h30. J&rsquo;ai du mal en ce moment \u00e0 me motiver. Je prend la route donn\u00e9e par le GPS. Au d\u00e9but \u00e7a va, et tr\u00e8s vite \u00e7a se complique : &hellip; <p class=\"link-more\"><a href=\"https:\/\/bivouhack.fr\/index.php\/2025\/01\/15\/le-voyage-de-marty-antamina-jour319\/\" class=\"more-link\">Lire la suite de<span class=\"screen-reader-text\">\u00ab\u00a0Le voyage de Marty, Antamina #jour319\u00a0\u00bb<\/span><\/a><\/p><\/div><\/li>\n<li><div class=\"wp-block-latest-posts__featured-image aligncenter\"><a href=\"https:\/\/bivouhack.fr\/index.php\/2025\/01\/15\/le-voyage-de-marty-chavin-jour318\/\" aria-label=\"Le voyage de Marty, Chavin #jour318\"><img decoding=\"async\" width=\"766\" height=\"1024\" src=\"https:\/\/bivouhack.fr\/wp-content\/uploads\/2022\/08\/img_20220717_1647136277676268553079660-766x1024.jpg\" class=\"attachment-large size-large wp-post-image\" alt=\"\" style=\"max-height:300px;\" srcset=\"https:\/\/bivouhack.fr\/wp-content\/uploads\/2022\/08\/img_20220717_1647136277676268553079660-766x1024.jpg 766w, https:\/\/bivouhack.fr\/wp-content\/uploads\/2022\/08\/img_20220717_1647136277676268553079660-225x300.jpg 225w, https:\/\/bivouhack.fr\/wp-content\/uploads\/2022\/08\/img_20220717_1647136277676268553079660-768x1026.jpg 768w, https:\/\/bivouhack.fr\/wp-content\/uploads\/2022\/08\/img_20220717_1647136277676268553079660-1150x1536.jpg 1150w, https:\/\/bivouhack.fr\/wp-content\/uploads\/2022\/08\/img_20220717_1647136277676268553079660.jpg 1437w\" sizes=\"100vw\" \/><\/a><\/div><a class=\"wp-block-latest-posts__post-title\" href=\"https:\/\/bivouhack.fr\/index.php\/2025\/01\/15\/le-voyage-de-marty-chavin-jour318\/\">Le voyage de Marty, Chavin #jour318<\/a><time datetime=\"2025-01-15T04:01:46+01:00\" class=\"wp-block-latest-posts__post-date\">15 janvier 2025<\/time><div class=\"wp-block-latest-posts__post-excerpt\">Je me r\u00e9veille vers midi. Hop, la moiti\u00e9 de l&rsquo;article est d\u00e9j\u00e0 \u00e9crit, cool. Je sors acheter de l&rsquo;eau et des g\u00e2teaux, prend la moto et vais voir le site arch\u00e9ologique et le mus\u00e9e. En fait les deux sont ferm\u00e9s soit disant \u00e0 cause du glissement de terrain. En vrai &hellip; <p class=\"link-more\"><a href=\"https:\/\/bivouhack.fr\/index.php\/2025\/01\/15\/le-voyage-de-marty-chavin-jour318\/\" class=\"more-link\">Lire la suite de<span class=\"screen-reader-text\">\u00ab\u00a0Le voyage de Marty, Chavin #jour318\u00a0\u00bb<\/span><\/a><\/p><\/div><\/li>\n<li><div class=\"wp-block-latest-posts__featured-image aligncenter\"><a href=\"https:\/\/bivouhack.fr\/index.php\/2025\/01\/15\/le-voyage-de-marty-laguna-conin-jour317\/\" aria-label=\"Le voyage de Marty, Laguna Conin #jour317\"><img decoding=\"async\" width=\"950\" height=\"534\" src=\"https:\/\/bivouhack.fr\/wp-content\/uploads\/2025\/01\/IMG_20220716_131639-1024x576.jpg\" class=\"attachment-large size-large wp-post-image\" alt=\"\" style=\"max-height:300px;\" srcset=\"https:\/\/bivouhack.fr\/wp-content\/uploads\/2025\/01\/IMG_20220716_131639-1024x576.jpg 1024w, https:\/\/bivouhack.fr\/wp-content\/uploads\/2025\/01\/IMG_20220716_131639-300x169.jpg 300w, https:\/\/bivouhack.fr\/wp-content\/uploads\/2025\/01\/IMG_20220716_131639-1536x864.jpg 1536w, https:\/\/bivouhack.fr\/wp-content\/uploads\/2025\/01\/IMG_20220716_131639.jpg 1920w\" sizes=\"100vw\" \/><\/a><\/div><a class=\"wp-block-latest-posts__post-title\" href=\"https:\/\/bivouhack.fr\/index.php\/2025\/01\/15\/le-voyage-de-marty-laguna-conin-jour317\/\">Le voyage de Marty, Laguna Conin #jour317<\/a><time datetime=\"2025-01-15T02:43:18+01:00\" class=\"wp-block-latest-posts__post-date\">15 janvier 2025<\/time><div class=\"wp-block-latest-posts__post-excerpt\">Ce matin je retrouve le groupe de mecs d&rsquo;hier et on part tous ensemble faire une balade en moto vers une lagune en montagne. Ils sont hyper sympas. On passe par la vall\u00e9e entre San Marcos et Chavin puis un petit village entre les montagnes ou on ach\u00e8te des fruits. &hellip; <p class=\"link-more\"><a href=\"https:\/\/bivouhack.fr\/index.php\/2025\/01\/15\/le-voyage-de-marty-laguna-conin-jour317\/\" class=\"more-link\">Lire la suite de<span class=\"screen-reader-text\">\u00ab\u00a0Le voyage de Marty, Laguna Conin #jour317\u00a0\u00bb<\/span><\/a><\/p><\/div><\/li>\n<li><div class=\"wp-block-latest-posts__featured-image aligncenter\"><a href=\"https:\/\/bivouhack.fr\/index.php\/2024\/10\/09\/le-voyage-de-marty-laguna-huachucocha-road-to-chavin-jour316\/\" aria-label=\"Le voyage de Marty, Laguna Huachucocha &#8211; Road to Chavin #jour316\"><img decoding=\"async\" width=\"950\" height=\"711\" src=\"https:\/\/bivouhack.fr\/wp-content\/uploads\/2022\/08\/IMG_20220715_125544-1024x766.jpg\" class=\"attachment-large size-large wp-post-image\" alt=\"\" style=\"max-height:300px;\" srcset=\"https:\/\/bivouhack.fr\/wp-content\/uploads\/2022\/08\/IMG_20220715_125544-1024x766.jpg 1024w, https:\/\/bivouhack.fr\/wp-content\/uploads\/2022\/08\/IMG_20220715_125544-300x225.jpg 300w, https:\/\/bivouhack.fr\/wp-content\/uploads\/2022\/08\/IMG_20220715_125544-768x575.jpg 768w, https:\/\/bivouhack.fr\/wp-content\/uploads\/2022\/08\/IMG_20220715_125544-1536x1150.jpg 1536w, https:\/\/bivouhack.fr\/wp-content\/uploads\/2022\/08\/IMG_20220715_125544.jpg 1920w\" sizes=\"100vw\" \/><\/a><\/div><a class=\"wp-block-latest-posts__post-title\" href=\"https:\/\/bivouhack.fr\/index.php\/2024\/10\/09\/le-voyage-de-marty-laguna-huachucocha-road-to-chavin-jour316\/\">Le voyage de Marty, Laguna Huachucocha &#8211; Road to Chavin #jour316<\/a><time datetime=\"2024-10-09T22:38:30+02:00\" class=\"wp-block-latest-posts__post-date\">9 octobre 2024<\/time><div class=\"wp-block-latest-posts__post-excerpt\">Je me r\u00e9veille tranquilou, je voulais partir \u00e0 8h, je me r\u00e9veille \u00e0 8h20, on est bien partis. Bon, tant pis. D\u00e9part 9h. Bon, le temps de tout ranger, d\u00e9marrer la moto, partir, il est 10h20. Je deviens tr\u00e8s ponctuel moi dis donc ! J&rsquo;avoue que ces derniers jours je &hellip; <p class=\"link-more\"><a href=\"https:\/\/bivouhack.fr\/index.php\/2024\/10\/09\/le-voyage-de-marty-laguna-huachucocha-road-to-chavin-jour316\/\" class=\"more-link\">Lire la suite de<span class=\"screen-reader-text\">\u00ab\u00a0Le voyage de Marty, Laguna Huachucocha &#8211; Road to Chavin #jour316\u00a0\u00bb<\/span><\/a><\/p><\/div><\/li>\n<\/ul>\n\n\n<div class=\"wp-block-buttons is-content-justification-center is-layout-flex wp-container-core-buttons-is-layout-a89b3969 wp-block-buttons-is-layout-flex\">\n<div class=\"wp-block-button\"><a class=\"wp-block-button__link\" href=\"https:\/\/bivouhack.fr\/index.php\/category\/voyage-marty\/\">Articles plus anciens<\/a><\/div>\n<\/div>\n","protected":false},"excerpt":{"rendered":"<p>Journal de bord du voyage de Marty. Un an en solitaire \u00e0 travers l\u2019Am\u00e9rique Latine. Les derniers articles<\/p>\n","protected":false},"author":6,"featured_media":5022,"parent":0,"menu_order":0,"comment_status":"closed","ping_status":"closed","template":"","meta":{"inspiro_hide_title":false,"footnotes":""},"class_list":["post-6704","page","type-page","status-publish","has-post-thumbnail","hentry"],"aioseo_notices":[],"_links":{"self":[{"href":"https:\/\/bivouhack.fr\/index.php\/wp-json\/wp\/v2\/pages\/6704","targetHints":{"allow":["GET"]}}],"collection":[{"href":"https:\/\/bivouhack.fr\/index.php\/wp-json\/wp\/v2\/pages"}],"about":[{"href":"https:\/\/bivouhack.fr\/index.php\/wp-json\/wp\/v2\/types\/page"}],"author":[{"embeddable":true,"href":"https:\/\/bivouhack.fr\/index.php\/wp-json\/wp\/v2\/users\/6"}],"replies":[{"embeddable":true,"href":"https:\/\/bivouhack.fr\/index.php\/wp-json\/wp\/v2\/comments?post=6704"}],"version-history":[{"count":15,"href":"https:\/\/bivouhack.fr\/index.php\/wp-json\/wp\/v2\/pages\/6704\/revisions"}],"predecessor-version":[{"id":6732,"href":"https:\/\/bivouhack.fr\/index.php\/wp-json\/wp\/v2\/pages\/6704\/revisions\/6732"}],"wp:featuredmedia":[{"embeddable":true,"href":"https:\/\/bivouhack.fr\/index.php\/wp-json\/wp\/v2\/media\/5022"}],"wp:attachment":[{"href":"https:\/\/bivouhack.fr\/index.php\/wp-json\/wp\/v2\/media?parent=6704"}],"curies":[{"name":"wp","href":"https:\/\/api.w.org\/{rel}","templated":true}]}}